{"id":631,"date":"2017-10-17T10:09:08","date_gmt":"2017-10-17T08:09:08","guid":{"rendered":"http:\/\/www.leschambres.it\/?page_id=631"},"modified":"2021-11-26T16:52:56","modified_gmt":"2021-11-26T15:52:56","slug":"capo-testa-cala-francese","status":"publish","type":"page","link":"https:\/\/www.leschambres.it\/index.php\/capo-testa-cala-francese\/","title":{"rendered":"Cala Francese &#8211; Capo Testa"},"content":{"rendered":"<h3>Cala Francese<\/h3>\n<p><img loading=\"lazy\" class=\"alignnone wp-image-908 size-large\" src=\"https:\/\/www.leschambres.it\/wp-content\/uploads\/2017\/10\/cala-francese_057-1280x850.jpg\" alt=\"\" width=\"1170\" height=\"777\" srcset=\"https:\/\/www.leschambres.it\/wp-content\/uploads\/2017\/10\/cala-francese_057-1280x850.jpg 1280w, https:\/\/www.leschambres.it\/wp-content\/uploads\/2017\/10\/cala-francese_057-300x199.jpg 300w, https:\/\/www.leschambres.it\/wp-content\/uploads\/2017\/10\/cala-francese_057-768x510.jpg 768w, https:\/\/www.leschambres.it\/wp-content\/uploads\/2017\/10\/cala-francese_057.jpg 1626w\" sizes=\"(max-width: 1170px) 100vw, 1170px\" \/><\/p>\n<p style=\"text-align: left;\">Situata al lato nord-ovest di Capo Testa \u00e8 anche la punta estrema del Golfo dell&#8217;Asinara.<\/p>\n<p><a href=\"https:\/\/www.leschambres.it\/wp-content\/uploads\/2018\/03\/cala-grande_363.jpg\"><img loading=\"lazy\" class=\"alignnone size-large wp-image-1446\" src=\"https:\/\/www.leschambres.it\/wp-content\/uploads\/2018\/03\/cala-grande_363-1280x850.jpg\" alt=\"\" width=\"1170\" height=\"777\" srcset=\"https:\/\/www.leschambres.it\/wp-content\/uploads\/2018\/03\/cala-grande_363-1280x850.jpg 1280w, https:\/\/www.leschambres.it\/wp-content\/uploads\/2018\/03\/cala-grande_363-300x199.jpg 300w, https:\/\/www.leschambres.it\/wp-content\/uploads\/2018\/03\/cala-grande_363-768x510.jpg 768w, https:\/\/www.leschambres.it\/wp-content\/uploads\/2018\/03\/cala-grande_363.jpg 1626w\" sizes=\"(max-width: 1170px) 100vw, 1170px\" \/><\/a><\/p>\n<p>Per chi \u00e8 in cerca di <strong>pace e tranquillit\u00e0 <\/strong>Cala Francese a Capo Testa \u00e8 il luogo ideale<strong><br \/>\n<\/strong><\/p>\n<div id='gallery-1' class='gallery galleryid-631 gallery-columns-4 gallery-size-thumbnail'><figure class='gallery-item'>\n\t\t\t<div class='gallery-icon landscape'>\n\t\t\t\t<a title=\"DCIM100GOPROGOPR4300.\" href='https:\/\/www.leschambres.it\/wp-content\/uploads\/2017\/10\/CALA-FRANCESE_020.jpg'><img width=\"150\" height=\"150\" src=\"https:\/\/www.leschambres.it\/wp-content\/uploads\/2017\/10\/CALA-FRANCESE_020-150x150.jpg\" class=\"attachment-thumbnail size-thumbnail\" alt=\"\" loading=\"lazy\" \/><\/a>\n\t\t\t<\/div><\/figure><figure class='gallery-item'>\n\t\t\t<div class='gallery-icon landscape'>\n\t\t\t\t<a title=\"DCIM100GOPROGOPR4302.\" href='https:\/\/www.leschambres.it\/wp-content\/uploads\/2017\/10\/CALA-FRANCESE_021.jpg'><img width=\"150\" height=\"150\" src=\"https:\/\/www.leschambres.it\/wp-content\/uploads\/2017\/10\/CALA-FRANCESE_021-150x150.jpg\" class=\"attachment-thumbnail size-thumbnail\" alt=\"\" loading=\"lazy\" \/><\/a>\n\t\t\t<\/div><\/figure><figure class='gallery-item'>\n\t\t\t<div class='gallery-icon landscape'>\n\t\t\t\t<a title=\"DCIM100GOPROGOPR4304.\" href='https:\/\/www.leschambres.it\/wp-content\/uploads\/2017\/10\/CALA-FRANCESE_022.jpg'><img width=\"150\" height=\"150\" src=\"https:\/\/www.leschambres.it\/wp-content\/uploads\/2017\/10\/CALA-FRANCESE_022-150x150.jpg\" class=\"attachment-thumbnail size-thumbnail\" alt=\"\" loading=\"lazy\" \/><\/a>\n\t\t\t<\/div><\/figure>\n\t\t<\/div>\n\n<p>.<\/p>\n<div id='gallery-2' class='gallery galleryid-631 gallery-columns-4 gallery-size-thumbnail'><figure class='gallery-item'>\n\t\t\t<div class='gallery-icon landscape'>\n\t\t\t\t<a title=\"DCIM100GOPROGOPR4374.\" href='https:\/\/www.leschambres.it\/wp-content\/uploads\/2017\/10\/CALA-FRANCESE_040.jpg'><img width=\"150\" height=\"150\" src=\"https:\/\/www.leschambres.it\/wp-content\/uploads\/2017\/10\/CALA-FRANCESE_040-150x150.jpg\" class=\"attachment-thumbnail size-thumbnail\" alt=\"\" loading=\"lazy\" \/><\/a>\n\t\t\t<\/div><\/figure><figure class='gallery-item'>\n\t\t\t<div class='gallery-icon landscape'>\n\t\t\t\t<a title=\"DCIM100GOPROGOPR4376.\" href='https:\/\/www.leschambres.it\/wp-content\/uploads\/2017\/10\/CALA-FRANCESE_035-1.jpg'><img width=\"150\" height=\"150\" src=\"https:\/\/www.leschambres.it\/wp-content\/uploads\/2017\/10\/CALA-FRANCESE_035-1-150x150.jpg\" class=\"attachment-thumbnail size-thumbnail\" alt=\"\" loading=\"lazy\" \/><\/a>\n\t\t\t<\/div><\/figure><figure class='gallery-item'>\n\t\t\t<div class='gallery-icon landscape'>\n\t\t\t\t<a title=\"DCIM100GOPROGOPR4442.\" href='https:\/\/www.leschambres.it\/wp-content\/uploads\/2017\/10\/CALA-FRANCESE_036-1.jpg'><img width=\"150\" height=\"150\" src=\"https:\/\/www.leschambres.it\/wp-content\/uploads\/2017\/10\/CALA-FRANCESE_036-1-150x150.jpg\" class=\"attachment-thumbnail size-thumbnail\" alt=\"\" loading=\"lazy\" \/><\/a>\n\t\t\t<\/div><\/figure><figure class='gallery-item'>\n\t\t\t<div class='gallery-icon landscape'>\n\t\t\t\t<a title=\"DCIM100GOPROGOPR4475.\" href='https:\/\/www.leschambres.it\/wp-content\/uploads\/2017\/10\/CALA-FRANCESE_037-1.jpg'><img width=\"150\" height=\"150\" src=\"https:\/\/www.leschambres.it\/wp-content\/uploads\/2017\/10\/CALA-FRANCESE_037-1-150x150.jpg\" class=\"attachment-thumbnail size-thumbnail\" alt=\"\" loading=\"lazy\" \/><\/a>\n\t\t\t<\/div><\/figure>\n\t\t<\/div>\n\n<p>La piccola caletta \u00e8 rivolta ad ovest per i romantici e per chi vuole rimanere in spiaggia fino tardi, inoltre da qui si pu\u00f2 ammirare uno stupendo tramonto.<\/p>\n<div id='gallery-3' class='gallery galleryid-631 gallery-columns-4 gallery-size-thumbnail'><figure class='gallery-item'>\n\t\t\t<div class='gallery-icon landscape'>\n\t\t\t\t<a title=\"CALA FRANCESE_039\" href='https:\/\/www.leschambres.it\/wp-content\/uploads\/2017\/10\/CALA-FRANCESE_039-1.jpg'><img width=\"150\" height=\"150\" src=\"https:\/\/www.leschambres.it\/wp-content\/uploads\/2017\/10\/CALA-FRANCESE_039-1-150x150.jpg\" class=\"attachment-thumbnail size-thumbnail\" alt=\"\" loading=\"lazy\" \/><\/a>\n\t\t\t<\/div><\/figure><figure class='gallery-item'>\n\t\t\t<div class='gallery-icon landscape'>\n\t\t\t\t<a title=\"cala francese\" href='https:\/\/www.leschambres.it\/wp-content\/uploads\/2017\/10\/cala-francese.jpg'><img width=\"150\" height=\"150\" src=\"https:\/\/www.leschambres.it\/wp-content\/uploads\/2017\/10\/cala-francese-150x150.jpg\" class=\"attachment-thumbnail size-thumbnail\" alt=\"\" loading=\"lazy\" \/><\/a>\n\t\t\t<\/div><\/figure><figure class='gallery-item'>\n\t\t\t<div class='gallery-icon landscape'>\n\t\t\t\t<a title=\"DCIM100GOPROGOPR4324.\" href='https:\/\/www.leschambres.it\/wp-content\/uploads\/2017\/10\/CALA-FRANCESE_027.jpg'><img width=\"150\" height=\"150\" src=\"https:\/\/www.leschambres.it\/wp-content\/uploads\/2017\/10\/CALA-FRANCESE_027-150x150.jpg\" class=\"attachment-thumbnail size-thumbnail\" alt=\"\" loading=\"lazy\" \/><\/a>\n\t\t\t<\/div><\/figure><figure class='gallery-item'>\n\t\t\t<div class='gallery-icon landscape'>\n\t\t\t\t<a title=\"DCIM100GOPROGOPR4317.\" href='https:\/\/www.leschambres.it\/wp-content\/uploads\/2017\/10\/CALA-FRANCESE_026.jpg'><img width=\"150\" height=\"150\" src=\"https:\/\/www.leschambres.it\/wp-content\/uploads\/2017\/10\/CALA-FRANCESE_026-150x150.jpg\" class=\"attachment-thumbnail size-thumbnail\" alt=\"\" loading=\"lazy\" \/><\/a>\n\t\t\t<\/div><\/figure><figure class='gallery-item'>\n\t\t\t<div class='gallery-icon landscape'>\n\t\t\t\t<a title=\"DCIM100GOPROGOPR4366.\" href='https:\/\/www.leschambres.it\/wp-content\/uploads\/2017\/10\/CALA-FRANCESE_030.jpg'><img width=\"150\" height=\"150\" src=\"https:\/\/www.leschambres.it\/wp-content\/uploads\/2017\/10\/CALA-FRANCESE_030-150x150.jpg\" class=\"attachment-thumbnail size-thumbnail\" alt=\"\" loading=\"lazy\" \/><\/a>\n\t\t\t<\/div><\/figure><figure class='gallery-item'>\n\t\t\t<div class='gallery-icon landscape'>\n\t\t\t\t<a title=\"CALA FRANCESE_038\" href='https:\/\/www.leschambres.it\/wp-content\/uploads\/2017\/10\/CALA-FRANCESE_038-1.jpg'><img width=\"150\" height=\"150\" src=\"https:\/\/www.leschambres.it\/wp-content\/uploads\/2017\/10\/CALA-FRANCESE_038-1-150x150.jpg\" class=\"attachment-thumbnail size-thumbnail\" alt=\"\" loading=\"lazy\" \/><\/a>\n\t\t\t<\/div><\/figure><figure class='gallery-item'>\n\t\t\t<div class='gallery-icon landscape'>\n\t\t\t\t<a title=\"DCIM100GOPROGOPR4359.\" href='https:\/\/www.leschambres.it\/wp-content\/uploads\/2017\/10\/CALA-FRANCESE_029.jpg'><img width=\"150\" height=\"150\" src=\"https:\/\/www.leschambres.it\/wp-content\/uploads\/2017\/10\/CALA-FRANCESE_029-150x150.jpg\" class=\"attachment-thumbnail size-thumbnail\" alt=\"\" loading=\"lazy\" \/><\/a>\n\t\t\t<\/div><\/figure><figure class='gallery-item'>\n\t\t\t<div class='gallery-icon landscape'>\n\t\t\t\t<a title=\"DCIM100GOPROGOPR4315.\" href='https:\/\/www.leschambres.it\/wp-content\/uploads\/2017\/10\/CALA-FRANCESE_025.jpg'><img width=\"150\" height=\"150\" src=\"https:\/\/www.leschambres.it\/wp-content\/uploads\/2017\/10\/CALA-FRANCESE_025-150x150.jpg\" class=\"attachment-thumbnail size-thumbnail\" alt=\"\" loading=\"lazy\" \/><\/a>\n\t\t\t<\/div><\/figure>\n\t\t<\/div>\n\n<p style=\"text-align: left;\">Luogo un po affollato in alta stagione, ma andandoci la mattina presto si trova lo spazio per trascorrerci tutta la giornata.<\/p>\n<div id='gallery-4' class='gallery galleryid-631 gallery-columns-4 gallery-size-thumbnail'><figure class='gallery-item'>\n\t\t\t<div class='gallery-icon landscape'>\n\t\t\t\t<a title=\"DCIM100GOPROGOPR4364.\" href='https:\/\/www.leschambres.it\/wp-content\/uploads\/2017\/10\/CALA-FRANCESE_032.jpg'><img width=\"150\" height=\"150\" src=\"https:\/\/www.leschambres.it\/wp-content\/uploads\/2017\/10\/CALA-FRANCESE_032-150x150.jpg\" class=\"attachment-thumbnail size-thumbnail\" alt=\"\" loading=\"lazy\" \/><\/a>\n\t\t\t<\/div><\/figure><figure class='gallery-item'>\n\t\t\t<div class='gallery-icon landscape'>\n\t\t\t\t<a title=\"DCIM100GOPROGOPR4363.\" href='https:\/\/www.leschambres.it\/wp-content\/uploads\/2017\/10\/CALA-FRANCESE_031.jpg'><img width=\"150\" height=\"150\" src=\"https:\/\/www.leschambres.it\/wp-content\/uploads\/2017\/10\/CALA-FRANCESE_031-150x150.jpg\" class=\"attachment-thumbnail size-thumbnail\" alt=\"\" loading=\"lazy\" \/><\/a>\n\t\t\t<\/div><\/figure><figure class='gallery-item'>\n\t\t\t<div class='gallery-icon landscape'>\n\t\t\t\t<a title=\"DCIM100GOPROGOPR4357.\" href='https:\/\/www.leschambres.it\/wp-content\/uploads\/2017\/10\/CALA-FRANCESE_028-1.jpg'><img width=\"150\" height=\"150\" src=\"https:\/\/www.leschambres.it\/wp-content\/uploads\/2017\/10\/CALA-FRANCESE_028-1-150x150.jpg\" class=\"attachment-thumbnail size-thumbnail\" alt=\"\" loading=\"lazy\" \/><\/a>\n\t\t\t<\/div><\/figure>\n\t\t<\/div>\n\n<p style=\"text-align: left;\">Posto ideale per gli amanti dello snorkeling.<\/p>\n<p>Raggiungibile in poco tempo dista solo 4 km dal B&amp;B Les Chambres.<\/p>\n<figure id=\"attachment_1567\" aria-describedby=\"caption-attachment-1567\" style=\"width: 1170px\" class=\"wp-caption alignnone\"><a href=\"https:\/\/www.leschambres.it\/wp-content\/uploads\/2018\/03\/GOPR4884.jpg\"><img loading=\"lazy\" class=\"size-large wp-image-1567\" src=\"https:\/\/www.leschambres.it\/wp-content\/uploads\/2018\/03\/GOPR4884-1280x960.jpg\" alt=\"\" width=\"1170\" height=\"878\" srcset=\"https:\/\/www.leschambres.it\/wp-content\/uploads\/2018\/03\/GOPR4884-1280x960.jpg 1280w, https:\/\/www.leschambres.it\/wp-content\/uploads\/2018\/03\/GOPR4884-300x225.jpg 300w, https:\/\/www.leschambres.it\/wp-content\/uploads\/2018\/03\/GOPR4884-768x576.jpg 768w, https:\/\/www.leschambres.it\/wp-content\/uploads\/2018\/03\/GOPR4884-400x300.jpg 400w, https:\/\/www.leschambres.it\/wp-content\/uploads\/2018\/03\/GOPR4884.jpg 1440w\" sizes=\"(max-width: 1170px) 100vw, 1170px\" \/><\/a><figcaption id=\"caption-attachment-1567\" class=\"wp-caption-text\">Sul versante sinistro di Cala Francese\u00a0 trovate questo angolo di Paradiso<\/figcaption><\/figure>\n<h3><\/h3>\n<div id='gallery-5' class='gallery galleryid-631 gallery-columns-3 gallery-size-thumbnail'><figure class='gallery-item'>\n\t\t\t<div class='gallery-icon landscape'>\n\t\t\t\t<a title=\"DCIM100GOPROGOPR4959.\" href='https:\/\/www.leschambres.it\/wp-content\/uploads\/2018\/04\/Cala-Francese-_368.jpg'><img width=\"150\" height=\"150\" src=\"https:\/\/www.leschambres.it\/wp-content\/uploads\/2018\/04\/Cala-Francese-_368-150x150.jpg\" class=\"attachment-thumbnail size-thumbnail\" alt=\"\" loading=\"lazy\" aria-describedby=\"gallery-5-1598\" \/><\/a>\n\t\t\t<\/div>\n\t\t\t\t<figcaption class='wp-caption-text gallery-caption' id='gallery-5-1598'>\n\t\t\t\tSpiaggette nascoste\n\t\t\t\t<\/figcaption><\/figure><figure class='gallery-item'>\n\t\t\t<div class='gallery-icon landscape'>\n\t\t\t\t<a title=\"DCIM100GOPROGOPR4963.\" href='https:\/\/www.leschambres.it\/wp-content\/uploads\/2018\/04\/Cala-Francese-_369.jpg'><img width=\"150\" height=\"150\" src=\"https:\/\/www.leschambres.it\/wp-content\/uploads\/2018\/04\/Cala-Francese-_369-150x150.jpg\" class=\"attachment-thumbnail size-thumbnail\" alt=\"\" loading=\"lazy\" aria-describedby=\"gallery-5-1599\" \/><\/a>\n\t\t\t<\/div>\n\t\t\t\t<figcaption class='wp-caption-text gallery-caption' id='gallery-5-1599'>\n\t\t\t\tPer i solitari\n\t\t\t\t<\/figcaption><\/figure><figure class='gallery-item'>\n\t\t\t<div class='gallery-icon landscape'>\n\t\t\t\t<a title=\"DCIM100GOPROGOPR4966.\" href='https:\/\/www.leschambres.it\/wp-content\/uploads\/2018\/04\/Cala-Francese-_370.jpg'><img width=\"150\" height=\"150\" src=\"https:\/\/www.leschambres.it\/wp-content\/uploads\/2018\/04\/Cala-Francese-_370-150x150.jpg\" class=\"attachment-thumbnail size-thumbnail\" alt=\"\" loading=\"lazy\" aria-describedby=\"gallery-5-1600\" \/><\/a>\n\t\t\t<\/div>\n\t\t\t\t<figcaption class='wp-caption-text gallery-caption' id='gallery-5-1600'>\n\t\t\t\tAl tramonto\n\t\t\t\t<\/figcaption><\/figure><figure class='gallery-item'>\n\t\t\t<div class='gallery-icon landscape'>\n\t\t\t\t<a title=\"DCIM100GOPROGOPR4967.\" href='https:\/\/www.leschambres.it\/wp-content\/uploads\/2018\/04\/Cala-Francese-_371.jpg'><img width=\"150\" height=\"150\" src=\"https:\/\/www.leschambres.it\/wp-content\/uploads\/2018\/04\/Cala-Francese-_371-150x150.jpg\" class=\"attachment-thumbnail size-thumbnail\" alt=\"\" loading=\"lazy\" aria-describedby=\"gallery-5-1601\" \/><\/a>\n\t\t\t<\/div>\n\t\t\t\t<figcaption class='wp-caption-text gallery-caption' id='gallery-5-1601'>\n\t\t\t\tGranito e calcare\n\t\t\t\t<\/figcaption><\/figure><figure class='gallery-item'>\n\t\t\t<div class='gallery-icon landscape'>\n\t\t\t\t<a title=\"DCIM100GOPROGOPR5033.\" href='https:\/\/www.leschambres.it\/wp-content\/uploads\/2018\/04\/Cala-Francese-_373.jpg'><img width=\"150\" height=\"150\" src=\"https:\/\/www.leschambres.it\/wp-content\/uploads\/2018\/04\/Cala-Francese-_373-150x150.jpg\" class=\"attachment-thumbnail size-thumbnail\" alt=\"\" loading=\"lazy\" aria-describedby=\"gallery-5-1602\" \/><\/a>\n\t\t\t<\/div>\n\t\t\t\t<figcaption class='wp-caption-text gallery-caption' id='gallery-5-1602'>\n\t\t\t\tLa Pace\n\t\t\t\t<\/figcaption><\/figure><figure class='gallery-item'>\n\t\t\t<div class='gallery-icon landscape'>\n\t\t\t\t<a title=\"DCIM100GOPROGOPR5035.\" href='https:\/\/www.leschambres.it\/wp-content\/uploads\/2018\/04\/Cala-Francese-_375.jpg'><img width=\"150\" height=\"150\" src=\"https:\/\/www.leschambres.it\/wp-content\/uploads\/2018\/04\/Cala-Francese-_375-150x150.jpg\" class=\"attachment-thumbnail size-thumbnail\" alt=\"\" loading=\"lazy\" aria-describedby=\"gallery-5-1603\" \/><\/a>\n\t\t\t<\/div>\n\t\t\t\t<figcaption class='wp-caption-text gallery-caption' id='gallery-5-1603'>\n\t\t\t\tRelax Garantito\n\t\t\t\t<\/figcaption><\/figure><figure class='gallery-item'>\n\t\t\t<div class='gallery-icon landscape'>\n\t\t\t\t<a title=\"DCIM100GOPROGOPR5037.\" href='https:\/\/www.leschambres.it\/wp-content\/uploads\/2018\/04\/Cala-Francese-_376.jpg'><img width=\"150\" height=\"150\" src=\"https:\/\/www.leschambres.it\/wp-content\/uploads\/2018\/04\/Cala-Francese-_376-150x150.jpg\" class=\"attachment-thumbnail size-thumbnail\" alt=\"\" loading=\"lazy\" aria-describedby=\"gallery-5-1604\" \/><\/a>\n\t\t\t<\/div>\n\t\t\t\t<figcaption class='wp-caption-text gallery-caption' id='gallery-5-1604'>\n\t\t\t\tI Graniti di Capo Testa\n\t\t\t\t<\/figcaption><\/figure><figure class='gallery-item'>\n\t\t\t<div class='gallery-icon landscape'>\n\t\t\t\t<a title=\"DCIM100GOPROGOPR5039.\" href='https:\/\/www.leschambres.it\/wp-content\/uploads\/2018\/04\/Cala-Francese-_377.jpg'><img width=\"150\" height=\"150\" src=\"https:\/\/www.leschambres.it\/wp-content\/uploads\/2018\/04\/Cala-Francese-_377-150x150.jpg\" class=\"attachment-thumbnail size-thumbnail\" alt=\"\" loading=\"lazy\" aria-describedby=\"gallery-5-1605\" \/><\/a>\n\t\t\t<\/div>\n\t\t\t\t<figcaption class='wp-caption-text gallery-caption' id='gallery-5-1605'>\n\t\t\t\tLa Scogliera\n\t\t\t\t<\/figcaption><\/figure>\n\t\t<\/div>\n\n<p><a href=\"https:\/\/www.leschambres.it\/wp-content\/uploads\/2018\/05\/resize_DSC_0155_SCORCIO-CALA-FRANCESE.jpg\"><img loading=\"lazy\" class=\"alignnone size-full wp-image-1742\" src=\"https:\/\/www.leschambres.it\/wp-content\/uploads\/2018\/05\/resize_DSC_0155_SCORCIO-CALA-FRANCESE.jpg\" alt=\"\" width=\"943\" height=\"627\" srcset=\"https:\/\/www.leschambres.it\/wp-content\/uploads\/2018\/05\/resize_DSC_0155_SCORCIO-CALA-FRANCESE.jpg 943w, https:\/\/www.leschambres.it\/wp-content\/uploads\/2018\/05\/resize_DSC_0155_SCORCIO-CALA-FRANCESE-300x199.jpg 300w, https:\/\/www.leschambres.it\/wp-content\/uploads\/2018\/05\/resize_DSC_0155_SCORCIO-CALA-FRANCESE-768x511.jpg 768w\" sizes=\"(max-width: 943px) 100vw, 943px\" \/><\/a><\/p>\n<p>Per gli amanti del Trekking proponiamo un Percorso che va da Cala Spinosa lungo la scogliera per raggiungere Cala Grande, finendo nella parte pi\u00f9 alta di Capo Testa Sulla Torre Pisana dove si potr\u00e0 ammirare un Tramonto di incomparabile Bellezza.<\/p>\n<p><iframe src=\"https:\/\/www.google.com\/maps\/d\/embed?mid=1tyIv-FAxXqDAqbFj_wmgXYaS5rICtpsW\" width=\"640\" height=\"480\"><\/iframe><\/p>\n<p><iframe src=\"https:\/\/www.google.com\/maps\/d\/embed?mid=1WtJZy7UbanUdvX1I4izyDJ-OEUCCFKzj\" width=\"640\" height=\"480\"><\/iframe><\/p>\n<p>I nostri consigli:<\/p>\n<ul>\n<li>In alta stagione, per problemi di parcheggio, conviene sempre usufruire delle navette che partono dalla fermata degli autobus sita a 200 metri del nostro Bed and Breakfast, lasciando i vostri mezzi di trasporto nel nostro parcheggio privato. Le navette collegano costantemente il centro del paese alle principali spiagge del nostro territorio durante tutta la giornata.<\/li>\n<\/ul>\n","protected":false},"excerpt":{"rendered":"<p>Cala Francese Situata al lato nord-ovest di Capo Testa \u00e8 anche la punta estrema del Golfo dell&#8217;Asinara. Per chi \u00e8 in cerca di pace e tranquillit\u00e0 Cala Francese a Capo Testa \u00e8 il luogo ideale . La piccola caletta \u00e8 rivolta ad ovest per i romantici e per chi vuole rimanere in spiaggia fino tardi, inoltre da qui si pu\u00f2 ammirare uno stupendo tramonto. Luogo un po affollato in alta stagione, ma andandoci la mattina presto si trova lo spazio per trascorrerci tutta la giornata. Posto ideale per gli amanti dello snorkeling. Raggiungibile in poco tempo dista solo 4 km dal B&amp;B Les Chambres. Per gli amanti del Trekking proponiamo un Percorso che va da Cala Spinosa lungo la scogliera per raggiungere Cala Grande, finendo nella parte pi\u00f9 alta di Capo Testa Sulla Torre Pisana dove si potr\u00e0 ammirare un Tramonto di incomparabile Bellezza. I nostri consigli: In alta stagione, per problemi di parcheggio, conviene sempre usufruire delle navette che partono dalla fermata degli autobus sita a 200 metri del nostro Bed and Breakfast, lasciando i vostri mezzi di trasporto nel nostro parcheggio privato. Le navette collegano costantemente il centro del paese alle principali spiagge del nostro territorio durante tutta la giornata.<\/p>\n","protected":false},"author":2,"featured_media":0,"parent":0,"menu_order":0,"comment_status":"closed","ping_status":"closed","template":"","meta":[],"_links":{"self":[{"href":"https:\/\/www.leschambres.it\/index.php\/wp-json\/wp\/v2\/pages\/631"}],"collection":[{"href":"https:\/\/www.leschambres.it\/index.php\/wp-json\/wp\/v2\/pages"}],"about":[{"href":"https:\/\/www.leschambres.it\/index.php\/wp-json\/wp\/v2\/types\/page"}],"author":[{"embeddable":true,"href":"https:\/\/www.leschambres.it\/index.php\/wp-json\/wp\/v2\/users\/2"}],"replies":[{"embeddable":true,"href":"https:\/\/www.leschambres.it\/index.php\/wp-json\/wp\/v2\/comments?post=631"}],"version-history":[{"count":71,"href":"https:\/\/www.leschambres.it\/index.php\/wp-json\/wp\/v2\/pages\/631\/revisions"}],"predecessor-version":[{"id":4478,"href":"https:\/\/www.leschambres.it\/index.php\/wp-json\/wp\/v2\/pages\/631\/revisions\/4478"}],"wp:attachment":[{"href":"https:\/\/www.leschambres.it\/index.php\/wp-json\/wp\/v2\/media?parent=631"}],"curies":[{"name":"wp","href":"https:\/\/api.w.org\/{rel}","templated":true}]}}