{"id":4653,"date":"2022-01-24T14:32:20","date_gmt":"2022-01-24T13:32:20","guid":{"rendered":"https:\/\/www.leschambres.it\/?page_id=4653"},"modified":"2022-01-24T14:32:22","modified_gmt":"2022-01-24T13:32:22","slug":"good-mood-cycling","status":"publish","type":"page","link":"https:\/\/www.leschambres.it\/index.php\/good-mood-cycling\/","title":{"rendered":"Good Mood cycling"},"content":{"rendered":"\n<p><strong>Tutto nasce da una Passione<\/strong> . . . . e dall\u2019amore per il ciclismo di Maurizio, ciclista amatoriale che ha deciso di trasformare questa passione in un lavoro. <\/p>\n\n\n\n<figure class=\"wp-block-image size-full\"><img loading=\"lazy\" width=\"1600\" height=\"1067\" src=\"https:\/\/www.leschambres.it\/wp-content\/uploads\/2022\/01\/Good-mood-cycling-rent-a-bike-tuors-Sardinia-7-beaches-tour-Santa-Teresa-Gallurajpg.jpg\" alt=\"\" class=\"wp-image-4656\" srcset=\"https:\/\/www.leschambres.it\/wp-content\/uploads\/2022\/01\/Good-mood-cycling-rent-a-bike-tuors-Sardinia-7-beaches-tour-Santa-Teresa-Gallurajpg.jpg 1600w, https:\/\/www.leschambres.it\/wp-content\/uploads\/2022\/01\/Good-mood-cycling-rent-a-bike-tuors-Sardinia-7-beaches-tour-Santa-Teresa-Gallurajpg-300x200.jpg 300w, https:\/\/www.leschambres.it\/wp-content\/uploads\/2022\/01\/Good-mood-cycling-rent-a-bike-tuors-Sardinia-7-beaches-tour-Santa-Teresa-Gallurajpg-1280x854.jpg 1280w, https:\/\/www.leschambres.it\/wp-content\/uploads\/2022\/01\/Good-mood-cycling-rent-a-bike-tuors-Sardinia-7-beaches-tour-Santa-Teresa-Gallurajpg-768x512.jpg 768w, https:\/\/www.leschambres.it\/wp-content\/uploads\/2022\/01\/Good-mood-cycling-rent-a-bike-tuors-Sardinia-7-beaches-tour-Santa-Teresa-Gallurajpg-1536x1024.jpg 1536w\" sizes=\"(max-width: 1600px) 100vw, 1600px\" \/><\/figure>\n\n\n\n<p>Il suo percorso formativo inizia diventando tecnico di 1\u00b0 livello per la Federazione ciclistica Italiana e, conseguentemente, guida ciclo turistica con iscrizione all\u2019albo regionale della Sardegna.<\/p>\n\n\n\n<figure class=\"wp-block-image size-full\"><img loading=\"lazy\" width=\"1280\" height=\"1024\" src=\"https:\/\/www.leschambres.it\/wp-content\/uploads\/2022\/01\/PUNTA-FALCONE-Good-Mood-Cycling.jpg\" alt=\"\" class=\"wp-image-4662\" srcset=\"https:\/\/www.leschambres.it\/wp-content\/uploads\/2022\/01\/PUNTA-FALCONE-Good-Mood-Cycling.jpg 1280w, https:\/\/www.leschambres.it\/wp-content\/uploads\/2022\/01\/PUNTA-FALCONE-Good-Mood-Cycling-300x240.jpg 300w, https:\/\/www.leschambres.it\/wp-content\/uploads\/2022\/01\/PUNTA-FALCONE-Good-Mood-Cycling-768x614.jpg 768w\" sizes=\"(max-width: 1280px) 100vw, 1280px\" \/><\/figure>\n\n\n\n<p class=\"has-text-align-center\">L\u2019intento \u00e8 far conoscere spettacolari paesaggi altrimenti difficilmente raggiungibili.<\/p>\n\n\n\n<figure class=\"wp-block-image size-large\"><img loading=\"lazy\" width=\"1280\" height=\"853\" src=\"https:\/\/www.leschambres.it\/wp-content\/uploads\/2022\/01\/DJI_0157-1280x853.jpg\" alt=\"\" class=\"wp-image-4655\" srcset=\"https:\/\/www.leschambres.it\/wp-content\/uploads\/2022\/01\/DJI_0157-1280x853.jpg 1280w, https:\/\/www.leschambres.it\/wp-content\/uploads\/2022\/01\/DJI_0157-300x200.jpg 300w, https:\/\/www.leschambres.it\/wp-content\/uploads\/2022\/01\/DJI_0157-768x512.jpg 768w, https:\/\/www.leschambres.it\/wp-content\/uploads\/2022\/01\/DJI_0157-1536x1023.jpg 1536w, https:\/\/www.leschambres.it\/wp-content\/uploads\/2022\/01\/DJI_0157.jpg 1600w\" sizes=\"(max-width: 1280px) 100vw, 1280px\" \/><\/figure>\n\n\n\n<p>Immergiti nella Natura e nei suoi profumi, la bici \u00e8 il giusto compromesso per vivere questa magnifica esprienza nei luoghi meno conosciuti di Santa Teresa, nel pieno rispetto di tutto quello che ti circonda.<\/p>\n\n\n\n<figure class=\"wp-block-gallery aligncenter columns-3 is-cropped\"><ul class=\"blocks-gallery-grid\"><li class=\"blocks-gallery-item\"><figure><a href=\"https:\/\/www.leschambres.it\/wp-content\/uploads\/2022\/01\/IMG_2037.jpg\"><img loading=\"lazy\" width=\"300\" height=\"200\" src=\"https:\/\/www.leschambres.it\/wp-content\/uploads\/2022\/01\/IMG_2037-300x200.jpg\" alt=\"\" data-id=\"4661\" data-full-url=\"https:\/\/www.leschambres.it\/wp-content\/uploads\/2022\/01\/IMG_2037.jpg\" data-link=\"https:\/\/www.leschambres.it\/img_2037\/\" class=\"wp-image-4661\" srcset=\"https:\/\/www.leschambres.it\/wp-content\/uploads\/2022\/01\/IMG_2037-300x200.jpg 300w, https:\/\/www.leschambres.it\/wp-content\/uploads\/2022\/01\/IMG_2037-1280x854.jpg 1280w, https:\/\/www.leschambres.it\/wp-content\/uploads\/2022\/01\/IMG_2037-768x512.jpg 768w, https:\/\/www.leschambres.it\/wp-content\/uploads\/2022\/01\/IMG_2037-1536x1024.jpg 1536w, https:\/\/www.leschambres.it\/wp-content\/uploads\/2022\/01\/IMG_2037.jpg 1600w\" sizes=\"(max-width: 300px) 100vw, 300px\" \/><\/a><\/figure><\/li><li class=\"blocks-gallery-item\"><figure><a href=\"https:\/\/www.leschambres.it\/wp-content\/uploads\/2022\/01\/Good-mood-cycling-sardinia-rent-bike-tours-bici-paese-Santa-Teresa-Gallura.jpg\"><img loading=\"lazy\" width=\"300\" height=\"200\" src=\"https:\/\/www.leschambres.it\/wp-content\/uploads\/2022\/01\/Good-mood-cycling-sardinia-rent-bike-tours-bici-paese-Santa-Teresa-Gallura-300x200.jpg\" alt=\"\" data-id=\"4660\" data-full-url=\"https:\/\/www.leschambres.it\/wp-content\/uploads\/2022\/01\/Good-mood-cycling-sardinia-rent-bike-tours-bici-paese-Santa-Teresa-Gallura.jpg\" data-link=\"https:\/\/www.leschambres.it\/good-mood-cycling-sardinia-rent-bike-tours-bici-paese-santa-teresa-gallura\/\" class=\"wp-image-4660\" srcset=\"https:\/\/www.leschambres.it\/wp-content\/uploads\/2022\/01\/Good-mood-cycling-sardinia-rent-bike-tours-bici-paese-Santa-Teresa-Gallura-300x200.jpg 300w, https:\/\/www.leschambres.it\/wp-content\/uploads\/2022\/01\/Good-mood-cycling-sardinia-rent-bike-tours-bici-paese-Santa-Teresa-Gallura-768x513.jpg 768w, https:\/\/www.leschambres.it\/wp-content\/uploads\/2022\/01\/Good-mood-cycling-sardinia-rent-bike-tours-bici-paese-Santa-Teresa-Gallura.jpg 958w\" sizes=\"(max-width: 300px) 100vw, 300px\" \/><\/a><\/figure><\/li><li class=\"blocks-gallery-item\"><figure><a href=\"https:\/\/www.leschambres.it\/wp-content\/uploads\/2022\/01\/Good-mood-cycling-rent-a-bike-tuors-Sardinia-Santa-Teresa-Gallura-Riserva_Naturale-di-Punta-Falcone.jpg\"><img loading=\"lazy\" width=\"300\" height=\"200\" src=\"https:\/\/www.leschambres.it\/wp-content\/uploads\/2022\/01\/Good-mood-cycling-rent-a-bike-tuors-Sardinia-Santa-Teresa-Gallura-Riserva_Naturale-di-Punta-Falcone-300x200.jpg\" alt=\"\" data-id=\"4659\" data-full-url=\"https:\/\/www.leschambres.it\/wp-content\/uploads\/2022\/01\/Good-mood-cycling-rent-a-bike-tuors-Sardinia-Santa-Teresa-Gallura-Riserva_Naturale-di-Punta-Falcone.jpg\" data-link=\"https:\/\/www.leschambres.it\/good-mood-cycling-rent-a-bike-tuors-sardinia-santa-teresa-gallura-riserva_naturale-di-punta-falcone\/\" class=\"wp-image-4659\" srcset=\"https:\/\/www.leschambres.it\/wp-content\/uploads\/2022\/01\/Good-mood-cycling-rent-a-bike-tuors-Sardinia-Santa-Teresa-Gallura-Riserva_Naturale-di-Punta-Falcone-300x200.jpg 300w, https:\/\/www.leschambres.it\/wp-content\/uploads\/2022\/01\/Good-mood-cycling-rent-a-bike-tuors-Sardinia-Santa-Teresa-Gallura-Riserva_Naturale-di-Punta-Falcone-1280x854.jpg 1280w, https:\/\/www.leschambres.it\/wp-content\/uploads\/2022\/01\/Good-mood-cycling-rent-a-bike-tuors-Sardinia-Santa-Teresa-Gallura-Riserva_Naturale-di-Punta-Falcone-768x512.jpg 768w, https:\/\/www.leschambres.it\/wp-content\/uploads\/2022\/01\/Good-mood-cycling-rent-a-bike-tuors-Sardinia-Santa-Teresa-Gallura-Riserva_Naturale-di-Punta-Falcone-1536x1024.jpg 1536w, https:\/\/www.leschambres.it\/wp-content\/uploads\/2022\/01\/Good-mood-cycling-rent-a-bike-tuors-Sardinia-Santa-Teresa-Gallura-Riserva_Naturale-di-Punta-Falcone.jpg 1600w\" sizes=\"(max-width: 300px) 100vw, 300px\" \/><\/a><\/figure><\/li><\/ul><\/figure>\n\n\n\n<div class=\"wp-block-columns\">\n<div class=\"wp-block-column\"><\/div>\n\n\n\n<div class=\"wp-block-column\"><\/div>\n<\/div>\n\n\n\n<div class=\"wp-block-group\"><div class=\"wp-block-group__inner-container\">\n<p class=\"has-text-align-center\" style=\"font-size:25px\"><strong>Le bici disponibili per il Noleggio<\/strong><\/p>\n\n\n\n<hr class=\"wp-block-separator has-text-color has-background has-black-background-color has-black-color is-style-wide\"\/>\n\n\n\n<div class=\"wp-block-media-text alignwide is-stacked-on-mobile\"><figure class=\"wp-block-media-text__media\"><img loading=\"lazy\" width=\"1280\" height=\"720\" src=\"https:\/\/www.leschambres.it\/wp-content\/uploads\/2022\/01\/dirt_E2-good-mood-1.jpg\" alt=\"\" class=\"wp-image-4699 size-full\" srcset=\"https:\/\/www.leschambres.it\/wp-content\/uploads\/2022\/01\/dirt_E2-good-mood-1.jpg 1280w, https:\/\/www.leschambres.it\/wp-content\/uploads\/2022\/01\/dirt_E2-good-mood-1-300x169.jpg 300w, https:\/\/www.leschambres.it\/wp-content\/uploads\/2022\/01\/dirt_E2-good-mood-1-768x432.jpg 768w, https:\/\/www.leschambres.it\/wp-content\/uploads\/2022\/01\/dirt_E2-good-mood-1-640x360.jpg 640w\" sizes=\"(max-width: 1280px) 100vw, 1280px\" \/><\/figure><div class=\"wp-block-media-text__content\">\n<p><strong>Giant Dirt E+2 25 KM\/H<\/strong><\/p>\n\n\n\n<p>GIORNI: <strong>\u20ac 45,00\/gg<\/strong><\/p>\n\n\n\n<p>3\/6 GIORNI: <strong>\u20ac 40,00\/gg<\/strong><\/p>\n\n\n\n<p>7\/30 GIORNI: <strong>\u20ac 35,00\/gg<\/strong><\/p>\n<\/div><\/div>\n\n\n\n<hr class=\"wp-block-separator has-text-color has-background has-black-background-color has-black-color is-style-wide\"\/>\n\n\n\n<div class=\"wp-block-media-text alignwide has-media-on-the-right is-stacked-on-mobile\"><figure class=\"wp-block-media-text__media\"><img loading=\"lazy\" width=\"1280\" height=\"720\" src=\"https:\/\/www.leschambres.it\/wp-content\/uploads\/2022\/01\/tcr-advanced-good-mood.jpgS-1.jpg\" alt=\"\" class=\"wp-image-4681 size-full\" srcset=\"https:\/\/www.leschambres.it\/wp-content\/uploads\/2022\/01\/tcr-advanced-good-mood.jpgS-1.jpg 1280w, https:\/\/www.leschambres.it\/wp-content\/uploads\/2022\/01\/tcr-advanced-good-mood.jpgS-1-300x169.jpg 300w, https:\/\/www.leschambres.it\/wp-content\/uploads\/2022\/01\/tcr-advanced-good-mood.jpgS-1-768x432.jpg 768w, https:\/\/www.leschambres.it\/wp-content\/uploads\/2022\/01\/tcr-advanced-good-mood.jpgS-1-640x360.jpg 640w\" sizes=\"(max-width: 1280px) 100vw, 1280px\" \/><\/figure><div class=\"wp-block-media-text__content\">\n<p><strong>Giant TCR Advanced 1<\/strong><\/p>\n\n\n\n<p>GIORNI: <strong>\u20ac 35,00\/gg<\/strong><\/p>\n\n\n\n<p>3\/6 GIORNI: <strong>\u20ac 30,00\/gg<\/strong><\/p>\n\n\n\n<p>7\/30 GIORNI: <strong>\u20ac 27,00\/gg<\/strong><\/p>\n<\/div><\/div>\n\n\n\n<hr class=\"wp-block-separator has-text-color has-background has-black-background-color has-black-color is-style-wide\"\/>\n\n\n\n<div class=\"wp-block-media-text alignwide is-stacked-on-mobile\"><figure class=\"wp-block-media-text__media\"><img loading=\"lazy\" width=\"1280\" height=\"720\" src=\"https:\/\/www.leschambres.it\/wp-content\/uploads\/2022\/01\/mt-full-suspension-bike-good-mood.jpg\" alt=\"\" class=\"wp-image-4684 size-full\" srcset=\"https:\/\/www.leschambres.it\/wp-content\/uploads\/2022\/01\/mt-full-suspension-bike-good-mood.jpg 1280w, https:\/\/www.leschambres.it\/wp-content\/uploads\/2022\/01\/mt-full-suspension-bike-good-mood-300x169.jpg 300w, https:\/\/www.leschambres.it\/wp-content\/uploads\/2022\/01\/mt-full-suspension-bike-good-mood-768x432.jpg 768w, https:\/\/www.leschambres.it\/wp-content\/uploads\/2022\/01\/mt-full-suspension-bike-good-mood-640x360.jpg 640w\" sizes=\"(max-width: 1280px) 100vw, 1280px\" \/><\/figure><div class=\"wp-block-media-text__content\">\n<p><strong>ANTHEM 29 2 (SLX)<\/strong><\/p>\n\n\n\n<p>1\/2 GIORNI: <strong>\u20ac 38,00\/gg<\/strong><\/p>\n\n\n\n<p>3\/6 GIORNI: <strong>\u20ac 35,00\/gg<\/strong><\/p>\n\n\n\n<p>7\/30 GIORNI: <strong>\u20ac 32,00\/gg<\/strong><\/p>\n<\/div><\/div>\n\n\n\n<hr class=\"wp-block-separator has-text-color has-background has-black-background-color has-black-color is-style-wide\"\/>\n\n\n\n<div class=\"wp-block-media-text alignwide has-media-on-the-right is-stacked-on-mobile\"><figure class=\"wp-block-media-text__media\"><img loading=\"lazy\" width=\"1280\" height=\"720\" src=\"https:\/\/www.leschambres.it\/wp-content\/uploads\/2022\/01\/talon-mountain-bike-good-mood.jpg1_.jpg\" alt=\"\" class=\"wp-image-4682 size-full\" srcset=\"https:\/\/www.leschambres.it\/wp-content\/uploads\/2022\/01\/talon-mountain-bike-good-mood.jpg1_.jpg 1280w, https:\/\/www.leschambres.it\/wp-content\/uploads\/2022\/01\/talon-mountain-bike-good-mood.jpg1_-300x169.jpg 300w, https:\/\/www.leschambres.it\/wp-content\/uploads\/2022\/01\/talon-mountain-bike-good-mood.jpg1_-768x432.jpg 768w, https:\/\/www.leschambres.it\/wp-content\/uploads\/2022\/01\/talon-mountain-bike-good-mood.jpg1_-640x360.jpg 640w\" sizes=\"(max-width: 1280px) 100vw, 1280px\" \/><\/figure><div class=\"wp-block-media-text__content\">\n<p><strong>Talon 29 ER3 GE<\/strong><\/p>\n\n\n\n<p>1\/2 GIORNI: <strong>\u20ac 26,00\/gg<\/strong><\/p>\n\n\n\n<p>3\/6 GIORNI: <strong>\u20ac 23,00\/gg<\/strong><\/p>\n\n\n\n<p>7\/30 GIORNI: <strong>\u20ac 20,00\/gg<\/strong><\/p>\n<\/div><\/div>\n\n\n\n<hr class=\"wp-block-separator has-text-color has-background has-black-background-color has-black-color is-style-wide\"\/>\n\n\n\n<div class=\"wp-block-media-text alignwide is-stacked-on-mobile\"><figure class=\"wp-block-media-text__media\"><img loading=\"lazy\" width=\"1280\" height=\"720\" src=\"https:\/\/www.leschambres.it\/wp-content\/uploads\/2022\/01\/xtc-advanced-good-mood.jpg\" alt=\"\" class=\"wp-image-4683 size-full\" srcset=\"https:\/\/www.leschambres.it\/wp-content\/uploads\/2022\/01\/xtc-advanced-good-mood.jpg 1280w, https:\/\/www.leschambres.it\/wp-content\/uploads\/2022\/01\/xtc-advanced-good-mood-300x169.jpg 300w, https:\/\/www.leschambres.it\/wp-content\/uploads\/2022\/01\/xtc-advanced-good-mood-768x432.jpg 768w, https:\/\/www.leschambres.it\/wp-content\/uploads\/2022\/01\/xtc-advanced-good-mood-640x360.jpg 640w\" sizes=\"(max-width: 1280px) 100vw, 1280px\" \/><\/figure><div class=\"wp-block-media-text__content\">\n<p><strong>Giant XTC Advanced 29ER 2<\/strong><\/p>\n\n\n\n<p>1\/2 GIORNI: <strong>\u20ac 35,00\/gg<\/strong><\/p>\n\n\n\n<p>3\/6 GIORNI: <strong>\u20ac 32,00\/gg<\/strong><\/p>\n\n\n\n<p>7\/30 GIORNI: <strong>\u20ac 28,00\/gg<\/strong><\/p>\n<\/div><\/div>\n\n\n\n<hr class=\"wp-block-separator has-text-color has-background has-black-background-color has-black-color is-style-wide\"\/>\n<\/div><\/div>\n\n\n\n<p><strong>\u00c8 incluso nel prezzo un kit di riparazione gomme, che comprende:<\/strong><\/p>\n\n\n\n<ul><li>1 camera d\u2019aria<\/li><li>2 leve smonta gomme<\/li><li>1 pompa<\/li><li>1 chiave multiuso<\/li><li>1 lucchetto di sicurezza<\/li><\/ul>\n\n\n\n<h4>Tours Guidati a Santa Teresa<\/h4>\n\n\n\n<p>Questo tour \u00e8 adatto a tutti, anche alle persone che abitualmente non usano la bici, pu\u00f2 essere fatto anche con le nostre mountain bike elettriche, in questo modo, potrete godervi il tour con il minimo sforzo fisico. Per chi vuole divertirsi pedalando sui sali e scendi delle strade sarde, \u00e8 possibile, invece, utilizzare le nostre bici da strada.<br>Capo Testa sar\u00e0 l\u2019attrazione principale, con le sue spiagge e i suoi scorci da dove poter fare insolite foto, la nostra guida vi accompagner\u00e0 in punti strategici, inoltre \u00e8 prevista una sosta caff\u00e8 in uno dei punti panoramici pi\u00f9 suggestivi del Nord Sardegna. Spostandoci dalla zona di Capo Testa e passando per Santa Reparata, si arriva in paese, un breve passaggio presso il porto turistico di Santa Teresa, per poi terminare il giro alla spiaggia Rena bianca. Il percorso potr\u00e0 subire dei cambiamenti a seconda delle condizioni meteorologiche.<\/p>\n\n\n\n<p><strong>Sono inclusi nel prezzo:<\/strong><\/p>\n\n\n\n<p>Casco<\/p>\n\n\n\n<p>Mountain bike elettrica o muscolare salvo disponibilit\u00e0<\/p>\n\n\n\n<p>Assicurazione RC<\/p>\n\n\n\n<p>Guida professionale<\/p>\n\n\n\n<p>Offriamo il servizio di pick up presso strutture ricettive, la tariffa per il servizio \u00e8 di \u20ac 1 al chilometro.<\/p>\n\n\n\n<p>Prezzo \u20ac 60,00 a Persona<\/p>\n\n\n\n<hr class=\"wp-block-separator is-style-wide\"\/>\n\n\n\n<hr class=\"wp-block-separator is-style-wide\"\/>\n\n\n\n<p class=\"has-text-align-center\" style=\"font-size:25px\"><strong>CONDIZIONI DI NOLEGGIO<\/strong><\/p>\n\n\n\n<p><strong>PER IL NOLEGGIO E\u2019 NECESSARIO.<\/strong><\/p>\n\n\n\n<ul><li>Documento d\u2019identit\u00e0<\/li><li>Deposito cauzionale tramite carta di credito, debito o contanti.<\/li><li>Il costo del deposito verr\u00e0 corrisposto al momento della consegna della bici scelta.<\/li><\/ul>\n\n\n\n<p><strong>IN EVIDENZA<\/strong><\/p>\n\n\n\n<p>I prezzi esposti sono IVA inclusa.<br>Le prenotazioni si intendono confermate dopo il pagamento tramite Bonifico Bancario (o altra modalit\u00e0).<br>Al momento della consegna il cliente sar\u00e0 tenuto a fornire un documento d\u2019identit\u00e0 valido per la stipula del contratto e un&nbsp;<strong>deposito cauzionale<\/strong>&nbsp;per ogni bici: (150\u20ac per i modelli \u201cbasic\u201d, 350\u20ac per i modelli&nbsp; \u201ccarbon\u201d, 500\u20ac per le \u201ce-bikes\u201d) da corrispondere a mezzo contanti o carta di credito (pre-autorizzazione). Il cliente \u00e8 responsabile per i danni causati a se o a terzi e, nel caso di danneggiamento o furto, sar\u00e0 tenuto a pagare l\u2019intero costo di riparazione o riacquisto del mezzo che pu\u00f2 superare l\u2019ammontare del deposito versato. Il contratto di noleggio pu\u00f2 essere sottoscritto solo da persone maggiorenni, in buona forma fisica e capaci di condurre una bicicletta senza causare danni a se stessi e a terzi. La Good Mood Cycling declina ogni responsabilit\u00e0 per danni commessi a persone o cose per uso improprio.<\/p>\n\n\n\n<p><\/p>\n\n\n\n<p><strong>CONDIZIONI DI CANCELLAZIONE<\/strong><\/p>\n\n\n\n<p>In caso di&nbsp;<strong>disdetta<\/strong>&nbsp;&nbsp;il cliente ricever\u00e0 il seguente rimborso:<\/p>\n\n\n\n<ul><li>fino a 30 giorni prima il 100% dell\u2019importo pagato<\/li><li>fino a 15 giorni prima il 30% dell\u2019importo pagato<\/li><\/ul>\n\n\n\n<p>Verranno comunque trattenute le spese bancarie e di gestione pratica e per un importo di 10\u20ac per ogni operazione di disdetta.<\/p>\n\n\n\n<p><strong>COVID-19<\/strong>: In caso di cancellazione oltre i termini dovuta ad interventi straordinari per misure di prevenzioni al Covid-19 (lockdown, chiusura porti o aeroporti), verr\u00e0 emesso un voucher valido per 1 anno ed usufruibile per noleggi di bici.<\/p>\n\n\n\n<p>Per prenotare la tua esperienza in Bici, o per il noleggio<\/p>\n\n\n\n<div class=\"wp-block-buttons\"><\/div>\n\n\n\n<p id=\"https:\/\/webmail.register.it\/appsuite\/-!!&amp;app=io.ox\/mail&amp;folder=default0\/INBOX&amp;language=it_IT&amp;user_id=4\">Contattaci:   <strong><a rel=\"noreferrer noopener\" href=\"mailto:info@leschambres.it\" data-type=\"mailto\" data-id=\"mailto:info@leschambres.it\" target=\"_blank\">info@leschambres.it<\/a><\/strong><\/p>\n","protected":false},"excerpt":{"rendered":"<p>Tutto nasce da una Passione . . . . e dall\u2019amore per il ciclismo di Maurizio, ciclista amatoriale che ha deciso di trasformare questa passione in un lavoro. Il suo percorso formativo inizia diventando tecnico di 1\u00b0 livello per la Federazione ciclistica Italiana e, conseguentemente, guida ciclo turistica con iscrizione all\u2019albo regionale della Sardegna. L\u2019intento \u00e8 far conoscere spettacolari paesaggi altrimenti difficilmente raggiungibili. Immergiti nella Natura e nei suoi profumi, la bici \u00e8 il giusto compromesso per vivere questa magnifica esprienza nei luoghi meno conosciuti di Santa Teresa, nel pieno rispetto di tutto quello che ti circonda. \u00c8 incluso nel prezzo un kit di riparazione gomme, che comprende: 1 camera d\u2019aria 2 leve smonta gomme 1 pompa 1 chiave multiuso 1 lucchetto di sicurezza Tours Guidati a Santa Teresa Questo tour \u00e8 adatto a tutti, anche alle persone che abitualmente non usano la bici, pu\u00f2 essere fatto anche con le nostre mountain bike elettriche, in questo modo, potrete godervi il tour con il minimo sforzo fisico. Per chi vuole divertirsi pedalando sui sali e scendi delle strade sarde, \u00e8 possibile, invece, utilizzare le nostre bici da strada.Capo Testa sar\u00e0 l\u2019attrazione principale, con le sue spiagge e i suoi scorci da dove poter fare insolite foto, la nostra guida vi accompagner\u00e0 in punti strategici, inoltre \u00e8 prevista una sosta caff\u00e8 in uno dei punti panoramici pi\u00f9 suggestivi del Nord Sardegna. Spostandoci dalla zona di Capo Testa e passando per Santa Reparata, si arriva in paese, un breve passaggio presso il porto turistico di Santa Teresa, per poi terminare il giro alla spiaggia Rena bianca. Il percorso potr\u00e0 subire dei cambiamenti a seconda delle condizioni meteorologiche. Sono inclusi nel prezzo: Casco Mountain bike elettrica o muscolare salvo disponibilit\u00e0 Assicurazione RC Guida professionale Offriamo il servizio di pick up presso strutture ricettive, la tariffa per il servizio \u00e8 di \u20ac 1 al chilometro. Prezzo \u20ac 60,00 a Persona CONDIZIONI DI NOLEGGIO PER IL NOLEGGIO E\u2019 NECESSARIO. Documento d\u2019identit\u00e0 Deposito cauzionale tramite carta di credito, debito o contanti. Il costo del deposito verr\u00e0 corrisposto al momento della consegna della bici scelta. IN EVIDENZA I prezzi esposti sono IVA inclusa.Le prenotazioni si intendono confermate dopo il pagamento tramite Bonifico Bancario (o altra modalit\u00e0).Al momento della consegna il cliente sar\u00e0 tenuto a fornire un documento d\u2019identit\u00e0 valido per la stipula del contratto e un&nbsp;deposito cauzionale&nbsp;per ogni bici: (150\u20ac per i modelli \u201cbasic\u201d, 350\u20ac per i modelli&nbsp; \u201ccarbon\u201d, 500\u20ac per le \u201ce-bikes\u201d) da corrispondere a mezzo contanti o carta di credito (pre-autorizzazione). Il cliente \u00e8 responsabile per i danni causati a se o a terzi e, nel caso di danneggiamento o furto, sar\u00e0 tenuto a pagare l\u2019intero costo di riparazione o riacquisto del mezzo che pu\u00f2 superare l\u2019ammontare del deposito versato. Il contratto di noleggio pu\u00f2 essere sottoscritto solo da persone maggiorenni, in buona forma fisica e capaci di condurre una bicicletta senza causare danni a se stessi e a terzi. La Good Mood Cycling declina ogni responsabilit\u00e0 per danni commessi a persone o cose per uso improprio. CONDIZIONI DI CANCELLAZIONE In caso di&nbsp;disdetta&nbsp;&nbsp;il cliente ricever\u00e0 il seguente rimborso: fino a 30 giorni prima il 100% dell\u2019importo pagato fino a 15 giorni prima il 30% dell\u2019importo pagato Verranno comunque trattenute le spese bancarie e di gestione pratica e per un importo di 10\u20ac per ogni operazione di disdetta. COVID-19: In caso di cancellazione oltre i termini dovuta ad interventi straordinari per misure di prevenzioni al Covid-19 (lockdown, chiusura porti o aeroporti), verr\u00e0 emesso un voucher valido per 1 anno ed usufruibile per noleggi di bici. Per prenotare la tua esperienza in Bici, o per il noleggio Contattaci: info@leschambres.it<\/p>\n","protected":false},"author":2,"featured_media":0,"parent":0,"menu_order":0,"comment_status":"closed","ping_status":"closed","template":"","meta":[],"_links":{"self":[{"href":"https:\/\/www.leschambres.it\/index.php\/wp-json\/wp\/v2\/pages\/4653"}],"collection":[{"href":"https:\/\/www.leschambres.it\/index.php\/wp-json\/wp\/v2\/pages"}],"about":[{"href":"https:\/\/www.leschambres.it\/index.php\/wp-json\/wp\/v2\/types\/page"}],"author":[{"embeddable":true,"href":"https:\/\/www.leschambres.it\/index.php\/wp-json\/wp\/v2\/users\/2"}],"replies":[{"embeddable":true,"href":"https:\/\/www.leschambres.it\/index.php\/wp-json\/wp\/v2\/comments?post=4653"}],"version-history":[{"count":48,"href":"https:\/\/www.leschambres.it\/index.php\/wp-json\/wp\/v2\/pages\/4653\/revisions"}],"predecessor-version":[{"id":4720,"href":"https:\/\/www.leschambres.it\/index.php\/wp-json\/wp\/v2\/pages\/4653\/revisions\/4720"}],"wp:attachment":[{"href":"https:\/\/www.leschambres.it\/index.php\/wp-json\/wp\/v2\/media?parent=4653"}],"curies":[{"name":"wp","href":"https:\/\/api.w.org\/{rel}","templated":true}]}}